{"id":21834,"date":"2026-08-29T12:00:00","date_gmt":"2026-08-29T10:00:00","guid":{"rendered":"https:\/\/mayoristas.munira.net\/?post_type=product&p=21834"},"modified":"2026-07-13T11:00:12","modified_gmt":"2026-07-13T09:00:12","slug":"panuelo-modal-naima","status":"publish","type":"product","link":"https:\/\/mayoristas.munira.net\/fr\/panuelo-modal-naima\/","title":{"rendered":"Foulard modal Naima"},"content":{"rendered":"","protected":false},"excerpt":{"rendered":"<p>Foulard en modal au motif Naima, inspir\u00e9 de la g\u00e9om\u00e9trie des mosa\u00efques d&rsquo;al-Andalus. Impression double face : le motif ressort avec la m\u00eame intensit\u00e9 des deux c\u00f4t\u00e9s. Tissu doux et l\u00e9ger de 180 \u00d7 65 cm. Con\u00e7u en Espagne. Une pi\u00e8ce polyvalente et \u00e9l\u00e9gante, id\u00e9ale pour votre point de vente.<\/p>\n","protected":false},"featured_media":21548,"template":"","meta":[],"product_brand":[],"product_cat":[583,595,593],"product_tag":[],"class_list":["post-21834","product","type-product","status-publish","has-post-thumbnail","product_cat-foulards","product_cat-modal-fr","product_cat-nouveautes","first","instock","taxable","shipping-taxable","product-type-simple"],"_links":{"self":[{"href":"https:\/\/mayoristas.munira.net\/fr\/wp-json\/wp\/v2\/product\/21834","targetHints":{"allow":["GET"]}}],"collection":[{"href":"https:\/\/mayoristas.munira.net\/fr\/wp-json\/wp\/v2\/product"}],"about":[{"href":"https:\/\/mayoristas.munira.net\/fr\/wp-json\/wp\/v2\/types\/product"}],"wp:featuredmedia":[{"embeddable":true,"href":"https:\/\/mayoristas.munira.net\/fr\/wp-json\/wp\/v2\/media\/21548"}],"wp:attachment":[{"href":"https:\/\/mayoristas.munira.net\/fr\/wp-json\/wp\/v2\/media?parent=21834"}],"wp:term":[{"taxonomy":"product_brand","embeddable":true,"href":"https:\/\/mayoristas.munira.net\/fr\/wp-json\/wp\/v2\/product_brand?post=21834"},{"taxonomy":"product_cat","embeddable":true,"href":"https:\/\/mayoristas.munira.net\/fr\/wp-json\/wp\/v2\/product_cat?post=21834"},{"taxonomy":"product_tag","embeddable":true,"href":"https:\/\/mayoristas.munira.net\/fr\/wp-json\/wp\/v2\/product_tag?post=21834"}],"curies":[{"name":"wp","href":"https:\/\/api.w.org\/{rel}","templated":true}]}}