{"id":12205,"date":"2026-04-06T17:55:17","date_gmt":"2026-04-06T15:55:17","guid":{"rendered":"https:\/\/mayoristas.munira.net\/funda-de-abanico-de-piel-marron\/"},"modified":"2026-07-16T20:31:45","modified_gmt":"2026-07-16T18:31:45","slug":"funda-de-abanico-de-piel-marron","status":"publish","type":"product","link":"https:\/\/mayoristas.munira.net\/fr\/funda-de-abanico-de-piel-marron\/","title":{"rendered":"\u00c9tui d\u2019\u00e9ventail en cuir Marron"},"content":{"rendered":"","protected":false},"excerpt":{"rendered":"<p>\u00c9tui \u00e0 \u00e9ventail en cuir de vachette, con\u00e7u pour les \u00e9ventails de 23 cm. Fait main en Espagne. Prot\u00e8ge votre \u00e9ventail avec \u00e9l\u00e9gance. Une pi\u00e8ce artisanale et durable, id\u00e9ale pour votre point de vente.<\/p>\n","protected":false},"featured_media":14631,"template":"","meta":[],"product_brand":[],"product_cat":[599,589,591,607],"product_tag":[],"class_list":["post-12205","product","type-product","status-publish","has-post-thumbnail","product_cat-accessoires-eventails","product_cat-eventails","product_cat-maroquinerie","product_cat-petite-maroquinerie","first","instock","taxable","shipping-taxable","product-type-simple"],"_links":{"self":[{"href":"https:\/\/mayoristas.munira.net\/fr\/wp-json\/wp\/v2\/product\/12205","targetHints":{"allow":["GET"]}}],"collection":[{"href":"https:\/\/mayoristas.munira.net\/fr\/wp-json\/wp\/v2\/product"}],"about":[{"href":"https:\/\/mayoristas.munira.net\/fr\/wp-json\/wp\/v2\/types\/product"}],"wp:featuredmedia":[{"embeddable":true,"href":"https:\/\/mayoristas.munira.net\/fr\/wp-json\/wp\/v2\/media\/14631"}],"wp:attachment":[{"href":"https:\/\/mayoristas.munira.net\/fr\/wp-json\/wp\/v2\/media?parent=12205"}],"wp:term":[{"taxonomy":"product_brand","embeddable":true,"href":"https:\/\/mayoristas.munira.net\/fr\/wp-json\/wp\/v2\/product_brand?post=12205"},{"taxonomy":"product_cat","embeddable":true,"href":"https:\/\/mayoristas.munira.net\/fr\/wp-json\/wp\/v2\/product_cat?post=12205"},{"taxonomy":"product_tag","embeddable":true,"href":"https:\/\/mayoristas.munira.net\/fr\/wp-json\/wp\/v2\/product_tag?post=12205"}],"curies":[{"name":"wp","href":"https:\/\/api.w.org\/{rel}","templated":true}]}}